{"id":7653,"date":"2024-09-11T10:24:51","date_gmt":"2024-09-11T08:24:51","guid":{"rendered":"https:\/\/www.musique-cugy-vesin.ch\/?page_id=7653"},"modified":"2026-04-15T10:11:46","modified_gmt":"2026-04-15T08:11:46","slug":"7653-2","status":"publish","type":"page","link":"https:\/\/www.musique-cugy-vesin.ch\/","title":{"rendered":"Accueil"},"content":{"rendered":"\t\t<div data-elementor-type=\"wp-page\" data-elementor-id=\"7653\" class=\"elementor elementor-7653\">\n\t\t\t\t<div class=\"elementor-element elementor-element-694cb1c e-flex e-con-boxed e-con e-parent\" data-id=\"694cb1c\" data-element_type=\"container\" data-e-type=\"container\">\n\t\t\t\t\t<div class=\"e-con-inner\">\n\t\t\t\t<div class=\"elementor-element elementor-element-5e19b63 elementor-widget elementor-widget-image\" data-id=\"5e19b63\" data-element_type=\"widget\" data-e-type=\"widget\" data-widget_type=\"image.default\">\n\t\t\t\t<div class=\"elementor-widget-container\">\n\t\t\t\t\t\t\t\t\t\t\t\t<figure class=\"wp-caption\">\n\t\t\t\t\t\t\t\t\t\t<img fetchpriority=\"high\" decoding=\"async\" width=\"2560\" height=\"1920\" src=\"https:\/\/www.musique-cugy-vesin.ch\/wp-content\/uploads\/2026\/04\/0eeb4c09-ae6c-4ead-b391-db62ae4d66dd-scaled.jpeg\" class=\"attachment-full size-full wp-image-8073\" alt=\"\" srcset=\"https:\/\/www.musique-cugy-vesin.ch\/wp-content\/uploads\/2026\/04\/0eeb4c09-ae6c-4ead-b391-db62ae4d66dd-scaled.jpeg 2560w, https:\/\/www.musique-cugy-vesin.ch\/wp-content\/uploads\/2026\/04\/0eeb4c09-ae6c-4ead-b391-db62ae4d66dd-300x225.jpeg 300w, https:\/\/www.musique-cugy-vesin.ch\/wp-content\/uploads\/2026\/04\/0eeb4c09-ae6c-4ead-b391-db62ae4d66dd-1024x768.jpeg 1024w, https:\/\/www.musique-cugy-vesin.ch\/wp-content\/uploads\/2026\/04\/0eeb4c09-ae6c-4ead-b391-db62ae4d66dd-768x576.jpeg 768w, https:\/\/www.musique-cugy-vesin.ch\/wp-content\/uploads\/2026\/04\/0eeb4c09-ae6c-4ead-b391-db62ae4d66dd-1536x1152.jpeg 1536w, https:\/\/www.musique-cugy-vesin.ch\/wp-content\/uploads\/2026\/04\/0eeb4c09-ae6c-4ead-b391-db62ae4d66dd-2048x1536.jpeg 2048w, https:\/\/www.musique-cugy-vesin.ch\/wp-content\/uploads\/2026\/04\/0eeb4c09-ae6c-4ead-b391-db62ae4d66dd-1568x1176.jpeg 1568w\" sizes=\"(max-width: 2560px) 100vw, 2560px\" style=\"width:100%;height:75%;max-width:2560px\" \/>\t\t\t\t\t\t\t\t\t\t\t<figcaption class=\"widget-image-caption wp-caption-text\">L'Union au concert annuel 2026 \u00e0 Cugy<\/figcaption>\n\t\t\t\t\t\t\t\t\t\t<\/figure>\n\t\t\t\t\t\t\t\t\t<\/div>\n\t\t\t\t<\/div>\n\t\t\t\t<div class=\"elementor-element elementor-element-3e8196c elementor-widget elementor-widget-image\" data-id=\"3e8196c\" data-element_type=\"widget\" data-e-type=\"widget\" data-widget_type=\"image.default\">\n\t\t\t\t<div class=\"elementor-widget-container\">\n\t\t\t\t\t\t\t\t\t\t\t\t<figure class=\"wp-caption\">\n\t\t\t\t\t\t\t\t\t\t<img decoding=\"async\" width=\"1920\" height=\"1442\" src=\"https:\/\/www.musique-cugy-vesin.ch\/wp-content\/uploads\/2026\/04\/3c6cbae5-37b1-4d1a-ba82-edeedcb7c4e8-scaled-e1776240600229.jpeg\" class=\"attachment-full size-full wp-image-8077\" alt=\"\" srcset=\"https:\/\/www.musique-cugy-vesin.ch\/wp-content\/uploads\/2026\/04\/3c6cbae5-37b1-4d1a-ba82-edeedcb7c4e8-scaled-e1776240600229.jpeg 1920w, https:\/\/www.musique-cugy-vesin.ch\/wp-content\/uploads\/2026\/04\/3c6cbae5-37b1-4d1a-ba82-edeedcb7c4e8-scaled-e1776240600229-300x225.jpeg 300w, https:\/\/www.musique-cugy-vesin.ch\/wp-content\/uploads\/2026\/04\/3c6cbae5-37b1-4d1a-ba82-edeedcb7c4e8-scaled-e1776240600229-1024x769.jpeg 1024w, https:\/\/www.musique-cugy-vesin.ch\/wp-content\/uploads\/2026\/04\/3c6cbae5-37b1-4d1a-ba82-edeedcb7c4e8-scaled-e1776240600229-768x577.jpeg 768w, https:\/\/www.musique-cugy-vesin.ch\/wp-content\/uploads\/2026\/04\/3c6cbae5-37b1-4d1a-ba82-edeedcb7c4e8-scaled-e1776240600229-1536x1154.jpeg 1536w, https:\/\/www.musique-cugy-vesin.ch\/wp-content\/uploads\/2026\/04\/3c6cbae5-37b1-4d1a-ba82-edeedcb7c4e8-scaled-e1776240600229-1568x1178.jpeg 1568w\" sizes=\"(max-width: 1920px) 100vw, 1920px\" style=\"width:100%;height:75.1%;max-width:1920px\" \/>\t\t\t\t\t\t\t\t\t\t\t<figcaption class=\"widget-image-caption wp-caption-text\">Jeunes cuivres au concert annuel 2026 \u00e0 Cugy<\/figcaption>\n\t\t\t\t\t\t\t\t\t\t<\/figure>\n\t\t\t\t\t\t\t\t\t<\/div>\n\t\t\t\t<\/div>\n\t\t\t\t<div class=\"elementor-element elementor-element-18e1dd9 elementor-widget elementor-widget-heading\" data-id=\"18e1dd9\" data-element_type=\"widget\" data-e-type=\"widget\" data-widget_type=\"heading.default\">\n\t\t\t\t<div class=\"elementor-widget-container\">\n\t\t\t\t\t<h2 class=\"elementor-heading-title elementor-size-default\">Prochains \u00e9v\u00e9nements<\/h2>\t\t\t\t<\/div>\n\t\t\t\t<\/div>\n\t\t\t\t<div class=\"elementor-element elementor-element-d94b97d elementor-widget elementor-widget-shortcode\" data-id=\"d94b97d\" data-element_type=\"widget\" data-e-type=\"widget\" data-widget_type=\"shortcode.default\">\n\t\t\t\t<div class=\"elementor-widget-container\">\n\t\t\t\t\t\t\t<div class=\"elementor-shortcode\"><div class=\"mec-wrap mec-skin-grid-container  \" id=\"mec_skin_mec1\">\r\n\r\n    \r\n            <div class=\"mec-skin-grid-events-container\" id=\"mec_skin_events_mec1\">\r\n        <div class=\"mec-wrap  mec-event-grid-colorful\">\r\n    <div class=\"mec-event-grid-modern\" data-widget-autoplay=\"1\" data-widget-loop=\"1\" data-widget-autoplay-time=\"3000\">\r\n        <div class=\"row\"><div class=\"col-md-4 col-sm-4\"><article class=\" mec-event-article mec-clear  \" style=\"background: #e14d43\">                    <div class=\"event-grid-modern-head clearfix\">\r\n                                    <div class=\"mec-event-month\"><span class=\"mec-start-date-label\">15 novembre<\/span><\/div>\r\n                                <div class=\"mec-event-detail\">\r\n                    <div class=\"mec-event-loc-place\"><i class=\"mec-sl-location-pin\"><\/i>Eglise de Cugy<\/div>                                                                            <\/div>\r\n                <div class=\"mec-event-day\">dimanche<\/div>\r\n            <\/div>\r\n            <div class=\"mec-event-content\">\r\n                                <h4 class=\"mec-event-title\"><a class=\"mec-color-hover\" data-event-id=\"14932\" href=\"https:\/\/www.musique-cugy-vesin.ch\/?mec-events=sainte-cecile-3\" target=\"_self\" rel=\"noopener\">Sainte-C\u00e9cile<\/a><span class=\"event-color\" style=\"background: #e14d43\"><\/span><\/h4>\r\n                                                <p class=\"mec-grid-event-location\"><\/p>\r\n                            <\/div>\r\n            <div class=\"mec-event-footer\">\r\n                <a class=\"mec-booking-button\" data-event-id=\"14932\" href=\"https:\/\/www.musique-cugy-vesin.ch\/?mec-events=sainte-cecile-3\" target=\"_self\" rel=\"noopener\">Voir le d\u00e9tail<\/a>                                                <ul class=\"mec-event-sharing-wrap\">\r\n                    <li class=\"mec-event-share\">\r\n                        <a href=\"#\" class=\"mec-event-share-icon\">\r\n                            <i class=\"mec-sl-share\" title=\"Share\"><\/i>\r\n                        <\/a>\r\n                    <\/li>\r\n                    <li>\r\n                        <ul class=\"mec-event-sharing\">\r\n                            <li class=\"mec-event-social-icon\"><a class=\"facebook\" href=\"https:\/\/www.facebook.com\/sharer\/sharer.php?u=https%3A%2F%2Fwww.musique-cugy-vesin.ch%2F%3Fmec-events%3Dsainte-cecile-3\" onclick=\"javascript:window.open(this.href, &apos;&apos;, &apos;menubar=no,toolbar=no,resizable=yes,scrollbars=yes,height=500,width=600&apos;); return false;\" target=\"_blank\" title=\"Partager sur Facebook\"><i class=\"mec-fa-facebook\"><\/i><span class=\"mec-social-title\">Facebook<\/span><\/a><\/li><li class=\"mec-event-social-icon\"><a class=\"twitter\" href=\"https:\/\/x.com\/intent\/tweet?url=https%3A%2F%2Fwww.musique-cugy-vesin.ch%2F%3Fmec-events%3Dsainte-cecile-3\" onclick=\"javascript:window.open(this.href, &apos;&apos;, &apos;menubar=no,toolbar=no,resizable=yes,scrollbars=yes,height=600,width=500&apos;); return false;\" target=\"_blank\" title=\"X Social Network\"><svg xmlns=\"http:\/\/www.w3.org\/2000\/svg\" viewbox=\"0 0 512 462.799\"><path d=\"M403.229 0h78.506L310.219 196.04 512 462.799H354.002L230.261 301.007 88.669 462.799h-78.56l183.455-209.683L0 0h161.999l111.856 147.88L403.229 0zm-27.556 415.805h43.505L138.363 44.527h-46.68l283.99 371.278z\" \/><\/svg><span class=\"mec-social-title\">Twitter<\/span><\/a><\/li><li class=\"mec-event-social-icon\"><a class=\"linkedin\" href=\"https:\/\/www.linkedin.com\/shareArticle?mini=true&amp;url=https%3A%2F%2Fwww.musique-cugy-vesin.ch%2F%3Fmec-events%3Dsainte-cecile-3\" onclick=\"javascript:window.open(this.href, &apos;&apos;, &apos;menubar=no,toolbar=no,resizable=yes,scrollbars=yes,height=600,width=500&apos;); return false;\" target=\"_blank\" title=\"LinkedIn\"><i class=\"mec-fa-linkedin\"><\/i><span class=\"mec-social-title\">LinkedIn<\/span><\/a><\/li><li class=\"mec-event-social-icon\"><a class=\"email\" href=\"mailto:?subject=Sainte-C%C3%A9cile&amp;body=https%3A%2F%2Fwww.musique-cugy-vesin.ch%2F%3Fmec-events%3Dsainte-cecile-3\" title=\"Email\"><i class=\"mec-fa-envelope\"><\/i><span class=\"mec-social-title\">Email<\/span><\/a><\/li>                        <\/ul>\r\n                    <\/li>\r\n                <\/ul>\r\n                            <\/div>\r\n        <\/article><\/div>                <div class=\"col-md-4 col-sm-4\"><article class=\" mec-event-article mec-clear  \" style=\"background: #00a0d2\">                    <div class=\"event-grid-modern-head clearfix\">\r\n                                    <div class=\"mec-event-month\"><span class=\"mec-start-date-label\">09 d\u00e9cembre<\/span><\/div>\r\n                                <div class=\"mec-event-detail\">\r\n                    <div class=\"mec-event-loc-place\"><i class=\"mec-sl-location-pin\"><\/i>Eglise de Cugy<\/div>                                                                            <\/div>\r\n                <div class=\"mec-event-day\">mercredi<\/div>\r\n            <\/div>\r\n            <div class=\"mec-event-content\">\r\n                                <h4 class=\"mec-event-title\"><a class=\"mec-color-hover\" data-event-id=\"14933\" href=\"https:\/\/www.musique-cugy-vesin.ch\/?mec-events=audition-de-noel\" target=\"_self\" rel=\"noopener\">Audition de No\u00ebl<\/a><span class=\"event-color\" style=\"background: #00a0d2\"><\/span><\/h4>\r\n                                                <p class=\"mec-grid-event-location\"><\/p>\r\n                            <\/div>\r\n            <div class=\"mec-event-footer\">\r\n                <a class=\"mec-booking-button\" data-event-id=\"14933\" href=\"https:\/\/www.musique-cugy-vesin.ch\/?mec-events=audition-de-noel\" target=\"_self\" rel=\"noopener\">Voir le d\u00e9tail<\/a>                                                <ul class=\"mec-event-sharing-wrap\">\r\n                    <li class=\"mec-event-share\">\r\n                        <a href=\"#\" class=\"mec-event-share-icon\">\r\n                            <i class=\"mec-sl-share\" title=\"Share\"><\/i>\r\n                        <\/a>\r\n                    <\/li>\r\n                    <li>\r\n                        <ul class=\"mec-event-sharing\">\r\n                            <li class=\"mec-event-social-icon\"><a class=\"facebook\" href=\"https:\/\/www.facebook.com\/sharer\/sharer.php?u=https%3A%2F%2Fwww.musique-cugy-vesin.ch%2F%3Fmec-events%3Daudition-de-noel\" onclick=\"javascript:window.open(this.href, &apos;&apos;, &apos;menubar=no,toolbar=no,resizable=yes,scrollbars=yes,height=500,width=600&apos;); return false;\" target=\"_blank\" title=\"Partager sur Facebook\"><i class=\"mec-fa-facebook\"><\/i><span class=\"mec-social-title\">Facebook<\/span><\/a><\/li><li class=\"mec-event-social-icon\"><a class=\"twitter\" href=\"https:\/\/x.com\/intent\/tweet?url=https%3A%2F%2Fwww.musique-cugy-vesin.ch%2F%3Fmec-events%3Daudition-de-noel\" onclick=\"javascript:window.open(this.href, &apos;&apos;, &apos;menubar=no,toolbar=no,resizable=yes,scrollbars=yes,height=600,width=500&apos;); return false;\" target=\"_blank\" title=\"X Social Network\"><svg xmlns=\"http:\/\/www.w3.org\/2000\/svg\" viewbox=\"0 0 512 462.799\"><path d=\"M403.229 0h78.506L310.219 196.04 512 462.799H354.002L230.261 301.007 88.669 462.799h-78.56l183.455-209.683L0 0h161.999l111.856 147.88L403.229 0zm-27.556 415.805h43.505L138.363 44.527h-46.68l283.99 371.278z\" \/><\/svg><span class=\"mec-social-title\">Twitter<\/span><\/a><\/li><li class=\"mec-event-social-icon\"><a class=\"linkedin\" href=\"https:\/\/www.linkedin.com\/shareArticle?mini=true&amp;url=https%3A%2F%2Fwww.musique-cugy-vesin.ch%2F%3Fmec-events%3Daudition-de-noel\" onclick=\"javascript:window.open(this.href, &apos;&apos;, &apos;menubar=no,toolbar=no,resizable=yes,scrollbars=yes,height=600,width=500&apos;); return false;\" target=\"_blank\" title=\"LinkedIn\"><i class=\"mec-fa-linkedin\"><\/i><span class=\"mec-social-title\">LinkedIn<\/span><\/a><\/li><li class=\"mec-event-social-icon\"><a class=\"email\" href=\"mailto:?subject=Audition%20de%20No%C3%ABl&amp;body=https%3A%2F%2Fwww.musique-cugy-vesin.ch%2F%3Fmec-events%3Daudition-de-noel\" title=\"Email\"><i class=\"mec-fa-envelope\"><\/i><span class=\"mec-social-title\">Email<\/span><\/a><\/li>                        <\/ul>\r\n                    <\/li>\r\n                <\/ul>\r\n                            <\/div>\r\n        <\/article><\/div>                <div class=\"col-md-4 col-sm-4\"><article class=\" mec-event-article mec-clear  \" style=\"background: #e14d43\">                    <div class=\"event-grid-modern-head clearfix\">\r\n                                    <div class=\"mec-event-month\"><span class=\"mec-start-date-label\">13 d\u00e9cembre<\/span><\/div>\r\n                                <div class=\"mec-event-detail\">\r\n                    <div class=\"mec-event-loc-place\"><i class=\"mec-sl-location-pin\"><\/i>Eglise de Cugy<\/div>                                                                            <\/div>\r\n                <div class=\"mec-event-day\">dimanche<\/div>\r\n            <\/div>\r\n            <div class=\"mec-event-content\">\r\n                                <h4 class=\"mec-event-title\"><a class=\"mec-color-hover\" data-event-id=\"14934\" href=\"https:\/\/www.musique-cugy-vesin.ch\/?mec-events=concert-de-noel-3\" target=\"_self\" rel=\"noopener\">Concert de No\u00ebl<\/a><span class=\"event-color\" style=\"background: #e14d43\"><\/span><\/h4>\r\n                                                <p class=\"mec-grid-event-location\"><\/p>\r\n                            <\/div>\r\n            <div class=\"mec-event-footer\">\r\n                <a class=\"mec-booking-button\" data-event-id=\"14934\" href=\"https:\/\/www.musique-cugy-vesin.ch\/?mec-events=concert-de-noel-3\" target=\"_self\" rel=\"noopener\">Voir le d\u00e9tail<\/a>                                                <ul class=\"mec-event-sharing-wrap\">\r\n                    <li class=\"mec-event-share\">\r\n                        <a href=\"#\" class=\"mec-event-share-icon\">\r\n                            <i class=\"mec-sl-share\" title=\"Share\"><\/i>\r\n                        <\/a>\r\n                    <\/li>\r\n                    <li>\r\n                        <ul class=\"mec-event-sharing\">\r\n                            <li class=\"mec-event-social-icon\"><a class=\"facebook\" href=\"https:\/\/www.facebook.com\/sharer\/sharer.php?u=https%3A%2F%2Fwww.musique-cugy-vesin.ch%2F%3Fmec-events%3Dconcert-de-noel-3\" onclick=\"javascript:window.open(this.href, &apos;&apos;, &apos;menubar=no,toolbar=no,resizable=yes,scrollbars=yes,height=500,width=600&apos;); return false;\" target=\"_blank\" title=\"Partager sur Facebook\"><i class=\"mec-fa-facebook\"><\/i><span class=\"mec-social-title\">Facebook<\/span><\/a><\/li><li class=\"mec-event-social-icon\"><a class=\"twitter\" href=\"https:\/\/x.com\/intent\/tweet?url=https%3A%2F%2Fwww.musique-cugy-vesin.ch%2F%3Fmec-events%3Dconcert-de-noel-3\" onclick=\"javascript:window.open(this.href, &apos;&apos;, &apos;menubar=no,toolbar=no,resizable=yes,scrollbars=yes,height=600,width=500&apos;); return false;\" target=\"_blank\" title=\"X Social Network\"><svg xmlns=\"http:\/\/www.w3.org\/2000\/svg\" viewbox=\"0 0 512 462.799\"><path d=\"M403.229 0h78.506L310.219 196.04 512 462.799H354.002L230.261 301.007 88.669 462.799h-78.56l183.455-209.683L0 0h161.999l111.856 147.88L403.229 0zm-27.556 415.805h43.505L138.363 44.527h-46.68l283.99 371.278z\" \/><\/svg><span class=\"mec-social-title\">Twitter<\/span><\/a><\/li><li class=\"mec-event-social-icon\"><a class=\"linkedin\" href=\"https:\/\/www.linkedin.com\/shareArticle?mini=true&amp;url=https%3A%2F%2Fwww.musique-cugy-vesin.ch%2F%3Fmec-events%3Dconcert-de-noel-3\" onclick=\"javascript:window.open(this.href, &apos;&apos;, &apos;menubar=no,toolbar=no,resizable=yes,scrollbars=yes,height=600,width=500&apos;); return false;\" target=\"_blank\" title=\"LinkedIn\"><i class=\"mec-fa-linkedin\"><\/i><span class=\"mec-social-title\">LinkedIn<\/span><\/a><\/li><li class=\"mec-event-social-icon\"><a class=\"email\" href=\"mailto:?subject=Concert%20de%20No%C3%ABl&amp;body=https%3A%2F%2Fwww.musique-cugy-vesin.ch%2F%3Fmec-events%3Dconcert-de-noel-3\" title=\"Email\"><i class=\"mec-fa-envelope\"><\/i><span class=\"mec-social-title\">Email<\/span><\/a><\/li>                        <\/ul>\r\n                    <\/li>\r\n                <\/ul>\r\n                            <\/div>\r\n        <\/article><\/div><\/div>                        \t<\/div>\r\n<\/div>\r\n\r\n    <\/div>\r\n    <div class=\"mec-skin-grid-no-events-container mec-util-hidden\" id=\"mec_skin_no_events_mec1\">\r\n        Aucun \u00e9v\u00e9nement trouv\u00e9 !    <\/div>\r\n    \r\n    <div class=\"mec-load-more-wrap\">\r\n                <div tabindex=\"0\" onkeydown=\"if(event.keyCode===13){jQuery(this).trigger('click');}\" class=\"mec-load-more-button \">En savoir plus<\/div>\r\n            <\/div>\r\n<\/div>\r\n<\/div>\n\t\t\t\t\t\t<\/div>\n\t\t\t\t<\/div>\n\t\t\t\t<div class=\"elementor-element elementor-element-e96c53f elementor-widget elementor-widget-heading\" data-id=\"e96c53f\" data-element_type=\"widget\" data-e-type=\"widget\" data-widget_type=\"heading.default\">\n\t\t\t\t<div class=\"elementor-widget-container\">\n\t\t\t\t\t<h2 class=\"elementor-heading-title elementor-size-default\">Actualit\u00e9s<\/h2>\t\t\t\t<\/div>\n\t\t\t\t<\/div>\n\t\t\t\t<div class=\"elementor-element elementor-element-d3e5d28 elementor-grid-eael-col-4 elementor-grid-tablet-eael-col-2 elementor-grid-mobile-eael-col-1 elementor-widget elementor-widget-eael-post-grid\" data-id=\"d3e5d28\" data-element_type=\"widget\" data-e-type=\"widget\" data-settings=\"{&quot;eael_post_grid_columns&quot;:&quot;eael-col-4&quot;,&quot;eael_post_grid_columns_tablet&quot;:&quot;eael-col-2&quot;,&quot;eael_post_grid_columns_mobile&quot;:&quot;eael-col-1&quot;}\" data-widget_type=\"eael-post-grid.default\">\n\t\t\t\t<div class=\"elementor-widget-container\">\n\t\t\t\t\t<div id=\"eael-post-grid-d3e5d28\" class=\"eael-post-grid-container\">\n            <div class=\"eael-post-grid eael-post-appender eael-post-appender-d3e5d28 eael-post-grid-style-one\" data-layout-mode=\"grid\"><article class=\"eael-grid-post  eael-post-grid-column eael-pg-post-8168 category-uncategorized\" data-id=\"8168\">\n        <div class=\"eael-grid-post-holder\">\n            <div class=\"eael-grid-post-holder-inner\"><div class=\"eael-entry-wrapper\"><header class=\"eael-entry-header\"><h2 class=\"eael-entry-title\"><a class=\"eael-grid-post-link\" href=\"https:\/\/www.musique-cugy-vesin.ch\/?p=8168\" title=\"Builders of Harmony\">Builders of Harmony<\/a><\/h2><\/header><div class=\"eael-entry-content\">\n                        <div class=\"eael-grid-post-excerpt\"><p>\u00ab\u00a0Builders of Harmony &#8211; Concerto no.21 for Brass Band\u00a0\u00bb a...<\/p><\/div>\n                    <\/div><\/div><\/div>\n        <\/div>\n    <\/article><article class=\"eael-grid-post  eael-post-grid-column eael-pg-post-8057 category-uncategorized\" data-id=\"8057\">\n        <div class=\"eael-grid-post-holder\">\n            <div class=\"eael-grid-post-holder-inner\"><div class=\"eael-entry-wrapper\"><header class=\"eael-entry-header\"><h2 class=\"eael-entry-title\"><a class=\"eael-grid-post-link\" href=\"https:\/\/www.musique-cugy-vesin.ch\/?p=8057\" title=\"Concerts annuels 2026\">Concerts annuels 2026<\/a><\/h2><\/header><div class=\"eael-entry-content\">\n                        <div class=\"eael-grid-post-excerpt\"><p>Concert Annuel 2026T\u00e9l\u00e9charger<\/p><\/div>\n                    <\/div><\/div><\/div>\n        <\/div>\n    <\/article><article class=\"eael-grid-post  eael-post-grid-column eael-pg-post-8021 category-uncategorized\" data-id=\"8021\">\n        <div class=\"eael-grid-post-holder\">\n            <div class=\"eael-grid-post-holder-inner\"><div class=\"eael-entry-wrapper\"><header class=\"eael-entry-header\"><h2 class=\"eael-entry-title\"><a class=\"eael-grid-post-link\" href=\"https:\/\/www.musique-cugy-vesin.ch\/?p=8021\" title=\"Loto du 28 f\u00e9vrier\">Loto du 28 f\u00e9vrier<\/a><\/h2><\/header><div class=\"eael-entry-content\">\n                        <div class=\"eael-grid-post-excerpt\"><p>Venez soutenir notre \u00e9cole de musique lors de notre loto...<\/p><\/div>\n                    <\/div><\/div><\/div>\n        <\/div>\n    <\/article><article class=\"eael-grid-post  eael-post-grid-column eael-pg-post-7979 category-uncategorized\" data-id=\"7979\">\n        <div class=\"eael-grid-post-holder\">\n            <div class=\"eael-grid-post-holder-inner\"><div class=\"eael-entry-wrapper\"><header class=\"eael-entry-header\"><h2 class=\"eael-entry-title\"><a class=\"eael-grid-post-link\" href=\"https:\/\/www.musique-cugy-vesin.ch\/?p=7979\" title=\"Vice-champions fribourgeois 2\u00e8me cat\u00e9gorie Brass Band\">Vice-champions fribourgeois 2\u00e8me cat\u00e9gorie Brass<\/a><\/h2><\/header><div class=\"eael-entry-content\">\n                        <div class=\"eael-grid-post-excerpt\"><p>Le 30 mai 2025, l&rsquo;Union s&rsquo;est rendue \u00e0 Bulle pour...<\/p><\/div>\n                    <\/div><\/div><\/div>\n        <\/div>\n    <\/article><\/div>\n            <div class=\"clearfix\"><\/div>\n        <\/div>            <div class=\"eael-load-more-button-wrap eael-force-hide\">\n                <button class=\"eael-load-more-button\" id=\"eael-load-more-btn-d3e5d28\" data-widget-id=\"d3e5d28\" data-widget=\"d3e5d28\" data-page-id=\"7653\" data-template=\"{&quot;dir&quot;:&quot;lite&quot;,&quot;file_name&quot;:&quot;one.php&quot;,&quot;name&quot;:&quot;Post-Grid&quot;}\" data-class=\"Essential_Addons_Elementor\\Elements\\Post_Grid\" data-layout=\"grid\" data-page=\"1\" data-args=\"orderby=date&amp;order=desc&amp;ignore_sticky_posts=1&amp;post_status=publish&amp;posts_per_page=4&amp;offset=0&amp;post_type=post\" data-max-page=\"55\">\n                    <span class=\"eael-btn-loader button__loader\"><\/span>\n                    <span class=\"eael_load_more_text\">Load More<\/span>\n                <\/button>\n            <\/div>\n            \t\t\t\t<\/div>\n\t\t\t\t<\/div>\n\t\t\t\t\t<\/div>\n\t\t\t\t<\/div>\n\t\t<div class=\"elementor-element elementor-element-31c1d77 e-flex e-con-boxed e-con e-parent\" data-id=\"31c1d77\" data-element_type=\"container\" data-e-type=\"container\">\n\t\t\t\t\t<div class=\"e-con-inner\">\n\t\t\t\t\t<\/div>\n\t\t\t\t<\/div>\n\t\t\t\t<\/div>\n\t\t","protected":false},"excerpt":{"rendered":"<p>L&rsquo;Union au concert annuel 2026 \u00e0 Cugy Jeunes cuivres au concert annuel 2026 \u00e0 Cugy Prochains \u00e9v\u00e9nements Actualit\u00e9s Concerts annuels 2026 Concert Annuel 2026T\u00e9l\u00e9charger Loto du 28 f\u00e9vrier Venez soutenir notre \u00e9cole de musique lors de notre loto&#8230; Vice-champions fribourgeois 2\u00e8me cat\u00e9gorie Brass Le 30 mai 2025, l&rsquo;Union s&rsquo;est rendue \u00e0 Bulle pour&#8230; Concerts annuels&hellip; <a class=\"more-link\" href=\"https:\/\/www.musique-cugy-vesin.ch\/?p=7979\">Poursuivre la lecture <span class=\"screen-reader-text\">Vice-champions fribourgeois 2\u00e8me cat\u00e9gorie Brass Band<\/span><\/a><\/p>\n","protected":false},"author":5,"featured_media":0,"parent":0,"menu_order":0,"comment_status":"closed","ping_status":"closed","template":"elementor_header_footer","meta":{"ngg_post_thumbnail":0,"footnotes":""},"class_list":["post-7653","page","type-page","status-publish","hentry","entry"],"_links":{"self":[{"href":"https:\/\/www.musique-cugy-vesin.ch\/index.php?rest_route=\/wp\/v2\/pages\/7653","targetHints":{"allow":["GET"]}}],"collection":[{"href":"https:\/\/www.musique-cugy-vesin.ch\/index.php?rest_route=\/wp\/v2\/pages"}],"about":[{"href":"https:\/\/www.musique-cugy-vesin.ch\/index.php?rest_route=\/wp\/v2\/types\/page"}],"author":[{"embeddable":true,"href":"https:\/\/www.musique-cugy-vesin.ch\/index.php?rest_route=\/wp\/v2\/users\/5"}],"replies":[{"embeddable":true,"href":"https:\/\/www.musique-cugy-vesin.ch\/index.php?rest_route=%2Fwp%2Fv2%2Fcomments&post=7653"}],"version-history":[{"count":83,"href":"https:\/\/www.musique-cugy-vesin.ch\/index.php?rest_route=\/wp\/v2\/pages\/7653\/revisions"}],"predecessor-version":[{"id":8082,"href":"https:\/\/www.musique-cugy-vesin.ch\/index.php?rest_route=\/wp\/v2\/pages\/7653\/revisions\/8082"}],"wp:attachment":[{"href":"https:\/\/www.musique-cugy-vesin.ch\/index.php?rest_route=%2Fwp%2Fv2%2Fmedia&parent=7653"}],"curies":[{"name":"wp","href":"https:\/\/api.w.org\/{rel}","templated":true}]}}