{"id":2065,"date":"2015-09-14T09:04:18","date_gmt":"2015-09-14T07:04:18","guid":{"rendered":"http:\/\/www.musique-cugy-vesin.ch\/?page_id=2065"},"modified":"2016-03-30T16:19:13","modified_gmt":"2016-03-30T14:19:13","slug":"programme-des-repetitions-2015-2016","status":"publish","type":"page","link":"https:\/\/www.musique-cugy-vesin.ch\/?page_id=2065","title":{"rendered":"Programme des r\u00e9p\u00e9titions 2015 &#8211; 2016"},"content":{"rendered":"<table width=\"725\">\n<tbody>\n<tr>\n<td colspan=\"3\" width=\"725\">\n<p style=\"text-align: center;\"><strong>2015<\/strong><\/p>\n<\/td>\n<\/tr>\n<tr>\n<td width=\"209\">Jeudi 17 septembre<\/td>\n<td width=\"108\">20h00<\/td>\n<td width=\"408\">G\u00e9n\u00e9rale<\/td>\n<\/tr>\n<tr>\n<td width=\"209\"><strong>Samedi 19 septembre<\/strong><\/td>\n<td width=\"108\"><strong>16h00<\/strong><\/td>\n<td width=\"408\"><strong>Confirmation RDV \u00e9cole<br \/>\n<\/strong>(costume rouge\/messe 16h30)<\/td>\n<\/tr>\n<tr>\n<td width=\"209\">Lundi 28 septembre<\/td>\n<td width=\"108\">20h00<\/td>\n<td width=\"408\">G\u00e9n\u00e9rale<\/td>\n<\/tr>\n<tr>\n<td width=\"209\">Jeudi 1 octobre<\/td>\n<td width=\"108\">20h00<\/td>\n<td width=\"408\">G\u00e9n\u00e9rale<\/td>\n<\/tr>\n<tr>\n<td width=\"209\"><strong>Vendredi 2 octobre<\/strong><\/td>\n<td width=\"108\"><strong>20h00<\/strong><\/td>\n<td width=\"408\"><strong>Assembl\u00e9e ordinaire\u00a0<\/strong><strong>H\u00f4tel de l\u2019Ange<br \/>\n<\/strong>(19h30 pour consulter le PV 2014-2015)<\/td>\n<\/tr>\n<tr>\n<td width=\"209\">Lundi 5 octobre<\/td>\n<td width=\"108\">20h00<\/td>\n<td width=\"408\">Partielle petit<\/td>\n<\/tr>\n<tr>\n<td width=\"209\">Jeudi 8 octobre<\/td>\n<td width=\"108\">20h00<\/td>\n<td width=\"408\">Partielle gros<\/td>\n<\/tr>\n<tr>\n<td width=\"209\">Lundi 12 octobre<\/td>\n<td width=\"108\">20h00<\/td>\n<td width=\"408\">G\u00e9n\u00e9rale<\/td>\n<\/tr>\n<tr>\n<td width=\"209\">Jeudi 15 octobre<\/td>\n<td width=\"108\">20h00<\/td>\n<td width=\"408\">G\u00e9n\u00e9rale<\/td>\n<\/tr>\n<tr>\n<td width=\"209\">Lundi 19 octobre<\/td>\n<td width=\"108\">20h00<\/td>\n<td width=\"408\">Partielle petit<\/td>\n<\/tr>\n<tr>\n<td width=\"209\">Jeudi 22 octobre<\/td>\n<td width=\"108\">20h00<\/td>\n<td width=\"408\">Partielle gros<\/td>\n<\/tr>\n<tr>\n<td width=\"209\">Jeudi 29 octobre<\/td>\n<td width=\"108\">20h00<\/td>\n<td width=\"408\">Partielle percussion<\/td>\n<\/tr>\n<tr>\n<td width=\"209\">Lundi 2 novembre<\/td>\n<td width=\"108\">20h00<\/td>\n<td width=\"408\">Partielle petit<\/td>\n<\/tr>\n<tr>\n<td width=\"209\">Jeudi 5 novembre<\/td>\n<td width=\"108\">20h00<\/td>\n<td width=\"408\">Partielle gros<\/td>\n<\/tr>\n<tr>\n<td width=\"209\"><strong>Dimanche 8 novembre <\/strong><\/td>\n<td width=\"108\"><strong>9h00 &#8211; 16h00<\/strong><\/td>\n<td width=\"408\"><strong>S\u00e9minaire<\/strong><\/td>\n<\/tr>\n<tr>\n<td width=\"209\">Lundi 9 novembre<\/td>\n<td width=\"108\">20h00<\/td>\n<td width=\"408\">G\u00e9n\u00e9rale<\/td>\n<\/tr>\n<tr>\n<td width=\"209\">Jeudi 12 novembre<\/td>\n<td width=\"108\">20h00<\/td>\n<td width=\"408\">G\u00e9n\u00e9rale<\/td>\n<\/tr>\n<tr>\n<td width=\"209\"><strong>Dimanche 15 novembre<\/strong><\/td>\n<td width=\"108\"><strong>8h30<\/strong><\/td>\n<td width=\"408\"><strong>St-C\u00e9cile messe<br \/>\n<\/strong>(Costume violet <strong>\/<\/strong>messe \u00e0 10h)<strong><br \/>\n<\/strong><\/td>\n<\/tr>\n<tr>\n<td width=\"209\">Lundi 16 novembre<\/td>\n<td width=\"108\">20h00<\/td>\n<td width=\"408\">Partielle petit<\/td>\n<\/tr>\n<tr>\n<td width=\"209\">Jeudi 19 novembre<\/td>\n<td width=\"108\">20h00<\/td>\n<td width=\"408\">Partielle gros<\/td>\n<\/tr>\n<tr>\n<td width=\"209\">Jeudi 26 novembre<\/td>\n<td width=\"108\">20h00<\/td>\n<td width=\"408\">G\u00e9n\u00e9rale<\/td>\n<\/tr>\n<tr>\n<td width=\"209\">Lundi 30 novembre<\/td>\n<td width=\"108\">20h00<\/td>\n<td width=\"408\">G\u00e9n\u00e9rale<\/td>\n<\/tr>\n<tr>\n<td width=\"209\">Lundi 7 d\u00e9cembre<\/td>\n<td width=\"108\">20h00<\/td>\n<td width=\"408\">G\u00e9n\u00e9rale<\/td>\n<\/tr>\n<tr>\n<td width=\"209\">Jeudi 10 d\u00e9cembre<\/td>\n<td width=\"108\">20h00<\/td>\n<td width=\"408\">G\u00e9n\u00e9rale<\/td>\n<\/tr>\n<tr>\n<td width=\"209\">Lundi 14 d\u00e9cembre<\/td>\n<td width=\"108\">20h00<\/td>\n<td width=\"408\">G\u00e9n\u00e9rale<\/td>\n<\/tr>\n<tr>\n<td width=\"209\">Jeudi 17 d\u00e9cembre<\/td>\n<td width=\"108\">20h00<\/td>\n<td width=\"408\">G\u00e9n\u00e9rale<\/td>\n<\/tr>\n<tr>\n<td width=\"209\"><strong>Dimanche 20 d\u00e9cembre <\/strong><\/td>\n<td width=\"108\"><strong>12h30<\/strong><\/td>\n<td width=\"408\"><strong>Concert de Noel<br \/>\n<\/strong>(Costume violet \/ concert 14h30)<\/td>\n<\/tr>\n<tr>\n<td width=\"209\"><strong><em>Samedi 26 d\u00e9cembre <\/em><\/strong><\/td>\n<td width=\"108\"><strong>17h45<\/strong><\/td>\n<td width=\"408\"><strong><em>Mise en place salle\/Loto<\/em><\/strong><\/td>\n<\/tr>\n<tr>\n<td colspan=\"3\" width=\"725\">\n<p style=\"text-align: center;\"><strong>2016<\/strong><\/p>\n<\/td>\n<\/tr>\n<tr>\n<td width=\"209\">Jeudi 7 janvier<\/td>\n<td width=\"108\">20h00<\/td>\n<td width=\"408\">G\u00e9n\u00e9rale<\/td>\n<\/tr>\n<tr>\n<td width=\"209\">Lundi 11 janvier<\/td>\n<td width=\"108\">20h00<\/td>\n<td width=\"408\">Partielle petit<\/td>\n<\/tr>\n<tr>\n<td width=\"209\">Jeudi 14 janvier<\/td>\n<td width=\"108\">20h00<\/td>\n<td width=\"408\">Partielle gros<\/td>\n<\/tr>\n<tr>\n<td width=\"209\">Lundi 18 janvier<\/td>\n<td width=\"108\">20h00<\/td>\n<td width=\"408\">Partielle petit<\/td>\n<\/tr>\n<tr>\n<td width=\"209\">Jeudi 21 janvier<\/td>\n<td width=\"108\">20h00<\/td>\n<td width=\"408\">Partielle gros<\/td>\n<\/tr>\n<tr>\n<td width=\"209\">Lundi 25 janvier<\/td>\n<td width=\"108\">20h00<\/td>\n<td width=\"408\">Partielle percussion<\/td>\n<\/tr>\n<tr>\n<td width=\"209\">Jeudi 28 janvier<\/td>\n<td width=\"108\">20h00<\/td>\n<td width=\"408\">G\u00e9n\u00e9rale<\/td>\n<\/tr>\n<tr>\n<td width=\"209\"><strong>Dimanche 31 janvier <\/strong><\/td>\n<td width=\"108\"><strong>Journ\u00e9e<\/strong><\/td>\n<td width=\"408\"><strong>Sortie \u00e0 ski facultative<\/strong><\/td>\n<\/tr>\n<tr>\n<td width=\"209\">Lundi 1 f\u00e9vrier<\/td>\n<td width=\"108\">20h00<\/td>\n<td width=\"408\">Partielle petit<\/td>\n<\/tr>\n<tr>\n<td width=\"209\">Jeudi 4 f\u00e9vrier<\/td>\n<td width=\"108\">20h00<\/td>\n<td width=\"408\">Partielle gros<\/td>\n<\/tr>\n<tr>\n<td width=\"209\">Jeudi 18 f\u00e9vrier<\/td>\n<td width=\"108\">20h00<\/td>\n<td width=\"408\">G\u00e9n\u00e9rale<\/td>\n<\/tr>\n<tr>\n<td width=\"209\">Lundi 22 f\u00e9vrier<\/td>\n<td width=\"108\">20h00<\/td>\n<td width=\"408\">G\u00e9n\u00e9rale<\/td>\n<\/tr>\n<tr>\n<td width=\"209\">Jeudi 25 f\u00e9vrier<\/td>\n<td width=\"108\">19h00<\/td>\n<td width=\"408\">Mise en place pour la soir\u00e9e fondue<\/td>\n<\/tr>\n<tr>\n<td width=\"209\"><strong>Vendredi 26 f\u00e9vrier <\/strong><\/td>\n<td width=\"108\"><strong>18h<\/strong><\/td>\n<td width=\"408\"><strong>Soir\u00e9e fondue<\/strong><\/td>\n<\/tr>\n<tr>\n<td width=\"209\"><strong>Samedi 27 f\u00e9vrier<\/strong><\/td>\n<td width=\"108\"><strong>\u00a011H<\/strong><\/p>\n<p><strong>18h<\/strong><\/td>\n<td width=\"408\"><strong>Rangements<\/strong><\/p>\n<p><strong>Soir\u00e9e fondue<\/strong><\/td>\n<\/tr>\n<tr>\n<td width=\"209\">Jeudi 3 mars<\/td>\n<td width=\"108\">20h00<\/td>\n<td width=\"408\">Partielle gros<\/td>\n<\/tr>\n<tr>\n<td width=\"209\">Lundi 7 mars<\/td>\n<td width=\"108\">20h00<\/td>\n<td width=\"408\">Partielle petit<\/td>\n<\/tr>\n<tr>\n<td width=\"209\">Jeudi 10 mars<\/td>\n<td width=\"108\">Soir\u00e9e<\/td>\n<td width=\"408\">G\u00e9n\u00e9rale<\/td>\n<\/tr>\n<tr>\n<td width=\"209\">Jeudi 17 mars<\/td>\n<td width=\"108\">20h00<\/td>\n<td width=\"408\">G\u00e9n\u00e9rale<\/td>\n<\/tr>\n<tr>\n<td width=\"209\"><strong>Dimanche 20 mars<\/strong><\/td>\n<td width=\"108\"><strong>9h-16h<\/strong><\/td>\n<td width=\"408\"><strong>S\u00e9minaire<br \/>\n<\/strong><\/td>\n<\/tr>\n<tr>\n<td width=\"209\">Lundi 21 mars<\/td>\n<td width=\"108\">20h00<\/td>\n<td width=\"408\">G\u00e9n\u00e9rale<\/td>\n<\/tr>\n<tr>\n<td width=\"209\">Jeudi 24 mars<\/td>\n<td width=\"108\">20h00<\/td>\n<td width=\"408\">G\u00e9n\u00e9rale<\/td>\n<\/tr>\n<tr>\n<td width=\"209\">Jeudi 31 mars<\/td>\n<td width=\"108\">20h00<\/td>\n<td width=\"408\">G\u00e9n\u00e9rale<\/td>\n<\/tr>\n<tr>\n<td width=\"209\">Lundi 4 avril<\/td>\n<td width=\"108\">20h00<\/td>\n<td width=\"408\">G\u00e9n\u00e9rale<\/td>\n<\/tr>\n<tr>\n<td width=\"209\">Jeudi 7 avril<\/td>\n<td width=\"108\">20h00<\/td>\n<td width=\"408\">G\u00e9n\u00e9rale<\/td>\n<\/tr>\n<tr>\n<td width=\"209\"><strong>Samedi 9 avril<\/strong><\/td>\n<td width=\"108\"><strong>11h-12h<\/strong><\/td>\n<td width=\"408\"><strong>Inauguration chemins p\u00e9destres<br \/>\n<\/strong><\/td>\n<\/tr>\n<tr>\n<td width=\"209\">Lundi 11 avril<\/td>\n<td width=\"108\">20h00<\/td>\n<td width=\"408\">G\u00e9n\u00e9rale<\/td>\n<\/tr>\n<tr>\n<td width=\"209\">Jeudi 14 avril<\/td>\n<td width=\"108\">20h00<\/td>\n<td width=\"408\">G\u00e9n\u00e9rale<\/td>\n<\/tr>\n<tr>\n<td width=\"209\"><strong>Dimanche 17 avril<\/strong><\/td>\n<td width=\"108\"><strong>9h00 &#8211; 16h00<\/strong><\/td>\n<td width=\"408\"><strong>S\u00e9minaire<\/strong><\/td>\n<\/tr>\n<tr>\n<td width=\"209\">Lundi 18 avril<\/td>\n<td width=\"108\">20h00<\/td>\n<td width=\"408\">G\u00e9n\u00e9rale<\/td>\n<\/tr>\n<tr>\n<td width=\"209\"><strong>Mardi 19 avril<\/strong><\/td>\n<td width=\"108\"><strong>20h00<\/strong><\/td>\n<td width=\"408\"><strong>Montage des bars, de la d\u00e9co<br \/>\net mise en place de la salle<\/strong><\/td>\n<\/tr>\n<tr>\n<td width=\"209\"><strong>Mercredi 20 avril<\/strong><\/td>\n<td width=\"108\"><strong>18h30<\/strong><\/td>\n<td width=\"408\"><strong>R\u00e9p\u00e9tition g\u00e9n\u00e9rale<br \/>\nFl\u00fbte, Jeunes Cuivres et Fanfare 19h30<\/strong><\/td>\n<\/tr>\n<tr>\n<td width=\"209\"><strong>Vendredi 22 avril<\/strong><\/td>\n<td width=\"108\"><strong>19h00<\/strong><\/td>\n<td width=\"408\"><strong>Concert annuel chauffe 19h15<br \/>\n<\/strong>(Costume violet)<\/td>\n<\/tr>\n<tr>\n<td width=\"209\"><strong>Samedi 23 avril<\/strong><\/td>\n<td width=\"108\"><strong>10h00<br \/>\n19h00<\/strong><\/td>\n<td width=\"408\"><strong>Rangement salle<br \/>\nConcert annuel chauffe 19h15<br \/>\n<\/strong>(Costume violet)<\/td>\n<\/tr>\n<tr>\n<td width=\"209\"><strong>Dimanche 24 avril<\/strong><\/td>\n<td width=\"108\"><strong>13h30<\/strong><\/td>\n<td width=\"408\"><strong>Rangements<\/strong><\/td>\n<\/tr>\n<tr>\n<td width=\"209\">Jeudi 28 avril<\/td>\n<td width=\"108\">20h00<\/td>\n<td width=\"408\">G\u00e9n\u00e9rale + marchante<\/td>\n<\/tr>\n<tr>\n<td width=\"209\"><strong>Dimanche 1 mai <\/strong><\/td>\n<td width=\"108\"><strong>9h00<\/strong><\/td>\n<td width=\"408\"><strong>1<sup>\u00e8re<\/sup> Communion RDV \u00e9cole<br \/>\n<\/strong>(costume rouge)<\/td>\n<\/tr>\n<tr>\n<td width=\"209\">Lundi 2 mai<\/td>\n<td width=\"108\">20h00<\/td>\n<td width=\"408\">G\u00e9n\u00e9rale + marchante<\/td>\n<\/tr>\n<tr>\n<td width=\"209\">Jeudi 5 mai<\/td>\n<td width=\"108\">20h00<\/td>\n<td width=\"408\">G\u00e9n\u00e9rale + marchante<\/td>\n<\/tr>\n<tr>\n<td width=\"209\"><strong>Samedi 7 mai <\/strong><\/td>\n<td width=\"108\"><strong>A d\u00e9finir<\/strong><\/td>\n<td width=\"408\"><strong>Giron \u00e0 L\u00e9chelles <\/strong><\/td>\n<\/tr>\n<tr>\n<td width=\"209\"><strong>Dimanche 8 mai <\/strong><\/td>\n<td width=\"108\"><strong>A d\u00e9finir<\/strong><\/td>\n<td width=\"408\"><strong>Giron \u00e0 L\u00e9chelles<\/strong><\/td>\n<\/tr>\n<tr>\n<td width=\"209\"><strong>Mercredi 11 mai<\/strong><\/td>\n<td width=\"108\"><strong>A d\u00e9finir<\/strong><\/td>\n<td width=\"408\"><strong>Examens direction Lionel<br \/>\n<\/strong><\/td>\n<\/tr>\n<td width=\"209\">Jeudi 19 mai<\/td>\n<td width=\"108\">20h00<\/td>\n<td width=\"408\">G\u00e9n\u00e9rale<\/td>\n<\/tr>\n<tr>\n<td width=\"209\">Lundi 23 mai<\/td>\n<td width=\"108\">19h00<\/td>\n<td width=\"408\">Marchante avec les JC + G\u00e9n\u00e9rale<\/td>\n<\/tr>\n<tr>\n<td width=\"209\"><strong>Jeudi 26 mai <\/strong><\/td>\n<td width=\"108\"><strong>9h00<\/strong><\/td>\n<td width=\"408\"><strong>F\u00eate Dieu<br \/>\nRDV \u00e9cole <\/strong>(costume rouge)<\/td>\n<\/tr>\n<tr>\n<td width=\"209\"><strong>Samedi 28 <\/strong><\/p>\n<p><strong>Dimanche 29 mai<\/strong><\/td>\n<td width=\"108\"><strong>A d\u00e9finir<\/strong><\/td>\n<td width=\"408\"><strong>Amicales des musiques ISERABLES<br \/>\n(<\/strong>Show et prestations)<\/td>\n<\/tr>\n<tr>\n<td width=\"209\"><strong><em>Samedi 11 juin <\/em><\/strong><\/td>\n<td width=\"108\"><strong>17h45<\/strong><\/td>\n<td width=\"408\"><strong><em>Mise en place salle\/Loto<\/em><\/strong><\/td>\n<\/tr>\n<tr>\n<td width=\"209\"><strong>Vendredi 17 juin <\/strong><\/td>\n<td width=\"108\"><strong>18h30<\/strong><\/td>\n<td width=\"408\"><strong>Cl\u00f4ture de la saison, Jeunes Cuivres,<br \/>\nfl\u00fbte, grillades <\/strong>(Tenue Polo)<\/td>\n<\/tr>\n<tr>\n<td width=\"209\"><strong>Lundi 1 ao\u00fbt<\/strong><\/td>\n<td width=\"108\"><strong>19h30<\/strong><\/td>\n<td width=\"408\"><strong>Jouer pour la f\u00eate nationale \u00e0 Cugy<\/strong><\/td>\n<\/tr>\n<tr>\n<td width=\"209\"><strong>Dimanche 14 ao\u00fbt<\/strong><\/td>\n<td width=\"108\"><strong> La journ\u00e9e<\/strong><\/td>\n<td width=\"408\"><strong>Broche familles <\/strong>(provisoire<strong>)\u00a0\u00a0\u00a0\u00a0\u00a0\u00a0\u00a0\u00a0\u00a0\u00a0\u00a0\u00a0\u00a0\u00a0\u00a0\u00a0\u00a0\u00a0\u00a0\u00a0\u00a0\u00a0\u00a0\u00a0\u00a0\u00a0\u00a0\u00a0\u00a0\u00a0\u00a0\u00a0 <\/strong><\/td>\n<\/tr>\n<tr>\n<td width=\"209\"><strong><em>Samedi 20 ao\u00fbt<\/em><\/strong><\/td>\n<td width=\"108\"><strong><em>17h45<\/em><\/strong><\/td>\n<td width=\"408\"><strong><em>Mise en place\/Loto <\/em><\/strong><\/td>\n<\/tr>\n<\/tbody>\n<\/table>\n","protected":false},"excerpt":{"rendered":"<p>2015 Jeudi 17 septembre 20h00 G\u00e9n\u00e9rale Samedi 19 septembre 16h00 Confirmation RDV \u00e9cole (costume rouge\/messe 16h30) Lundi 28 septembre 20h00 G\u00e9n\u00e9rale Jeudi 1 octobre 20h00 G\u00e9n\u00e9rale Vendredi 2 octobre 20h00 Assembl\u00e9e ordinaire\u00a0H\u00f4tel de l\u2019Ange (19h30 pour consulter le PV 2014-2015) Lundi 5 octobre 20h00 Partielle petit Jeudi 8 octobre 20h00 Partielle gros Lundi 12 octobre&hellip; <a class=\"more-link\" href=\"https:\/\/www.musique-cugy-vesin.ch\/?page_id=2065\">Poursuivre la lecture <span class=\"screen-reader-text\">Programme des r\u00e9p\u00e9titions 2015 &#8211; 2016<\/span><\/a><\/p>\n","protected":false},"author":3,"featured_media":0,"parent":0,"menu_order":0,"comment_status":"closed","ping_status":"closed","template":"","meta":{"_crdt_document":"","ngg_post_thumbnail":0,"footnotes":""},"class_list":["post-2065","page","type-page","status-publish","hentry","entry"],"_links":{"self":[{"href":"https:\/\/www.musique-cugy-vesin.ch\/index.php?rest_route=\/wp\/v2\/pages\/2065","targetHints":{"allow":["GET"]}}],"collection":[{"href":"https:\/\/www.musique-cugy-vesin.ch\/index.php?rest_route=\/wp\/v2\/pages"}],"about":[{"href":"https:\/\/www.musique-cugy-vesin.ch\/index.php?rest_route=\/wp\/v2\/types\/page"}],"author":[{"embeddable":true,"href":"https:\/\/www.musique-cugy-vesin.ch\/index.php?rest_route=\/wp\/v2\/users\/3"}],"replies":[{"embeddable":true,"href":"https:\/\/www.musique-cugy-vesin.ch\/index.php?rest_route=%2Fwp%2Fv2%2Fcomments&post=2065"}],"version-history":[{"count":8,"href":"https:\/\/www.musique-cugy-vesin.ch\/index.php?rest_route=\/wp\/v2\/pages\/2065\/revisions"}],"predecessor-version":[{"id":2238,"href":"https:\/\/www.musique-cugy-vesin.ch\/index.php?rest_route=\/wp\/v2\/pages\/2065\/revisions\/2238"}],"wp:attachment":[{"href":"https:\/\/www.musique-cugy-vesin.ch\/index.php?rest_route=%2Fwp%2Fv2%2Fmedia&parent=2065"}],"curies":[{"name":"wp","href":"https:\/\/api.w.org\/{rel}","templated":true}]}}