{"id":2063,"date":"2015-09-14T09:35:21","date_gmt":"2015-09-14T07:35:21","guid":{"rendered":"http:\/\/www.musique-cugy-vesin.ch\/?page_id=2063"},"modified":"2015-09-14T09:35:21","modified_gmt":"2015-09-14T07:35:21","slug":"repetitions-2015-2016","status":"publish","type":"page","link":"https:\/\/www.musique-cugy-vesin.ch\/?page_id=2063","title":{"rendered":"R\u00e9p\u00e9titions 2015 &#8211; 2016"},"content":{"rendered":"<h3><span style=\"color: #333399;\">Plan des r\u00e9p\u00e9titions des Jeunes Cuivres saison 2015 &#8211; 2016<\/span><\/h3>\n<p>&nbsp;<\/p>\n<table width=\"655\">\n<tbody>\n<tr>\n<td width=\"103\">Jeudi<\/td>\n<td width=\"132\">3 septembre<\/td>\n<td width=\"420\">G\u00e9n\u00e9rale<\/td>\n<\/tr>\n<tr>\n<td width=\"103\">Jeudi<\/td>\n<td width=\"132\">10 septembre<\/td>\n<td width=\"420\">Pas de r\u00e9p\u00e9tition<\/td>\n<\/tr>\n<tr>\n<td width=\"103\">Jeudi<\/td>\n<td width=\"132\">17 septembre<\/td>\n<td width=\"420\">G\u00e9n\u00e9rale<\/td>\n<\/tr>\n<tr>\n<td width=\"103\">Jeudi<\/td>\n<td width=\"132\">24 septembre<\/td>\n<td width=\"420\">Partielle petits+percu<\/td>\n<\/tr>\n<tr>\n<td width=\"103\">Jeudi<\/td>\n<td width=\"132\">1 octobre<\/td>\n<td width=\"420\">Partielle gros+alto+percu<\/td>\n<\/tr>\n<tr>\n<td width=\"103\">Jeudi<\/td>\n<td width=\"132\">8 octobre<\/td>\n<td width=\"420\">G\u00e9n\u00e9rale<\/td>\n<\/tr>\n<tr>\n<td width=\"103\"><strong><u>Samedi<\/u><\/strong><\/td>\n<td width=\"132\"><strong><u>10 octobre<\/u><\/strong><\/td>\n<td width=\"420\"><strong><u>G\u00e9n\u00e9rale 10h-11h45<\/u><\/strong><\/td>\n<\/tr>\n<tr>\n<td width=\"103\">Jeudi<\/td>\n<td width=\"132\">15 octobre<\/td>\n<td width=\"420\">G\u00e9n\u00e9rale<\/td>\n<\/tr>\n<tr>\n<td width=\"103\">Jeudi<\/td>\n<td width=\"132\">22 octobre<\/td>\n<td width=\"420\">Pas de r\u00e9p\u00e9tition (Vacances scolaires)<\/td>\n<\/tr>\n<tr>\n<td width=\"103\">Jeudi<\/td>\n<td width=\"132\">29 octobre<\/td>\n<td width=\"420\">Pas de r\u00e9p\u00e9tition (Vacances scolaires)<\/td>\n<\/tr>\n<tr>\n<td width=\"103\">Jeudi<\/td>\n<td width=\"132\">5 novembre<\/td>\n<td width=\"420\">G\u00e9n\u00e9rale<\/td>\n<\/tr>\n<tr>\n<td width=\"103\"><strong><u>Samedi <\/u><\/strong><\/td>\n<td width=\"132\"><strong><u>7 novembre<\/u><\/strong><\/td>\n<td width=\"420\"><strong><u>S\u00e9minaire de 8h30 \u00e0 11h30<\/u><\/strong><\/td>\n<\/tr>\n<tr>\n<td width=\"103\">Jeudi<\/td>\n<td width=\"132\">12 novembre<\/td>\n<td width=\"420\">G\u00e9n\u00e9rale<\/td>\n<\/tr>\n<tr>\n<td width=\"103\">Jeudi<\/td>\n<td width=\"132\">19 novembre<\/td>\n<td width=\"420\">G\u00e9n\u00e9rale<\/td>\n<\/tr>\n<tr>\n<td width=\"103\">Jeudi<\/td>\n<td width=\"132\">26 novembre<\/td>\n<td width=\"420\">G\u00e9n\u00e9rale<\/td>\n<\/tr>\n<tr>\n<td width=\"103\">Jeudi<\/td>\n<td width=\"132\">3 d\u00e9cembre<\/td>\n<td width=\"420\">Pas de r\u00e9p\u00e9tition<\/td>\n<\/tr>\n<tr>\n<td width=\"103\">Jeudi<\/td>\n<td width=\"132\">10 d\u00e9cembre<\/td>\n<td width=\"420\">G\u00e9n\u00e9rale<\/td>\n<\/tr>\n<tr>\n<td width=\"103\"><strong><u>Vendredi<\/u><\/strong><\/td>\n<td width=\"132\"><strong><u>11 d\u00e9cembre<\/u><\/strong><\/td>\n<td width=\"420\"><strong><u>Audition fl\u00fbtes, cuivres, percussions, tambours <\/u><\/strong><\/p>\n<p><strong><u>\u00e0 18h30<\/u><\/strong><\/td>\n<\/tr>\n<tr>\n<td width=\"103\">Jeudi<\/td>\n<td width=\"132\">17 d\u00e9cembre<\/td>\n<td width=\"420\">G\u00e9n\u00e9rale<\/td>\n<\/tr>\n<tr>\n<td width=\"103\"><strong><u>Dimanche <\/u><\/strong><\/td>\n<td width=\"132\"><strong><u>20 d\u00e9cembre<\/u><\/strong><\/td>\n<td width=\"420\"><strong><u>Concert de No\u00ebl \u00e0 14h30<\/u><\/strong><\/td>\n<\/tr>\n<tr>\n<td width=\"103\">Jeudi<\/td>\n<td width=\"132\">24 d\u00e9cembre<\/td>\n<td width=\"420\">Pas de r\u00e9p\u00e9tition (vacances scolaires)<\/td>\n<\/tr>\n<tr>\n<td width=\"103\">Samedi<\/td>\n<td width=\"132\">26 d\u00e9cembre<\/td>\n<td width=\"420\">Loto \u00e0 20h00<\/td>\n<\/tr>\n<tr>\n<td width=\"103\">Jeudi<\/td>\n<td width=\"132\">31 d\u00e9cembre<\/td>\n<td width=\"420\">Pas de r\u00e9p\u00e9tition (vacances scolaires)<\/td>\n<\/tr>\n<tr>\n<td width=\"103\">&nbsp;<\/td>\n<td width=\"132\">&nbsp;<\/td>\n<td width=\"420\">&nbsp;<\/td>\n<\/tr>\n<tr>\n<td width=\"103\">&nbsp;<\/td>\n<td width=\"132\">&nbsp;<\/td>\n<td width=\"420\">&nbsp;<\/td>\n<\/tr>\n<tr>\n<td colspan=\"3\" width=\"655\"><strong>\u00a0\u00a0\u00a0\u00a0\u00a0\u00a0\u00a0\u00a0\u00a0\u00a0\u00a0\u00a0\u00a0\u00a0\u00a0\u00a0\u00a0\u00a0\u00a0\u00a0 2016<\/strong><\/td>\n<\/tr>\n<tr>\n<td width=\"103\">Jeudi<\/td>\n<td width=\"132\">7 janvier<\/td>\n<td width=\"420\">G\u00e9n\u00e9rale<\/td>\n<\/tr>\n<tr>\n<td width=\"103\">Jeudi<\/td>\n<td width=\"132\">14 janvier<\/td>\n<td width=\"420\">G\u00e9n\u00e9rale<\/td>\n<\/tr>\n<tr>\n<td width=\"103\">Jeudi<\/td>\n<td width=\"132\">21 janvier<\/td>\n<td width=\"420\">Partielle petits+percu<\/td>\n<\/tr>\n<tr>\n<td width=\"103\">Jeudi<\/td>\n<td width=\"132\">28 janvier<\/td>\n<td width=\"420\">Partielle gros+alto+percu<\/td>\n<\/tr>\n<tr>\n<td width=\"103\">Jeudi<\/td>\n<td width=\"132\">4 f\u00e9vrier<\/td>\n<td width=\"420\">G\u00e9n\u00e9rale<\/td>\n<\/tr>\n<tr>\n<td width=\"103\">Jeudi<\/td>\n<td width=\"132\">11 f\u00e9vrier<\/td>\n<td width=\"420\">Pas de r\u00e9p\u00e9tition (Vacances scolaires)<\/td>\n<\/tr>\n<tr>\n<td width=\"103\">Jeudi<\/td>\n<td width=\"132\">18 f\u00e9vrier<\/td>\n<td width=\"420\">G\u00e9n\u00e9rale<\/td>\n<\/tr>\n<tr>\n<td width=\"103\"><strong><u>Samedi<\/u><\/strong><\/td>\n<td width=\"132\"><strong><u>20 f\u00e9vrier<\/u><\/strong><\/td>\n<td width=\"420\"><strong><u>G\u00e9n\u00e9rale 10h-11h45<\/u><\/strong><\/td>\n<\/tr>\n<tr>\n<td width=\"103\">Jeudi<\/td>\n<td width=\"132\">25 f\u00e9vrier<\/td>\n<td width=\"420\">G\u00e9n\u00e9rale<\/td>\n<\/tr>\n<tr>\n<td width=\"103\">Vendredi<\/td>\n<td width=\"132\">26 f\u00e9vrier<\/td>\n<td width=\"420\">Soir\u00e9e fondue (pour info)<\/td>\n<\/tr>\n<tr>\n<td width=\"103\">Samedi<\/td>\n<td width=\"132\">27 f\u00e9vrier<\/td>\n<td width=\"420\">Soir\u00e9e fondue (pour info)<\/td>\n<\/tr>\n<tr>\n<td width=\"103\">Jeudi<\/td>\n<td width=\"132\">3 mars<\/td>\n<td width=\"420\">Partielle petits+percu<\/td>\n<\/tr>\n<tr>\n<td width=\"103\">Jeudi<\/td>\n<td width=\"132\">10 mars<\/td>\n<td width=\"420\">Partielle gros+alto (sans percu)<\/td>\n<\/tr>\n<tr>\n<td width=\"103\"><strong><u>Samedi<\/u><\/strong><\/td>\n<td width=\"132\"><strong><u>12 mars<\/u><\/strong><\/td>\n<td width=\"420\"><strong><u>S\u00e9minaire de 8h30 \u00e0 11h30<\/u><\/strong><\/td>\n<\/tr>\n<tr>\n<td width=\"103\">Jeudi<\/td>\n<td width=\"132\">17 mars<\/td>\n<td width=\"420\">G\u00e9n\u00e9rale<\/td>\n<\/tr>\n<tr>\n<td width=\"103\">Jeudi<\/td>\n<td width=\"132\">24 mars<\/td>\n<td width=\"420\">G\u00e9n\u00e9rale<\/td>\n<\/tr>\n<tr>\n<td width=\"103\">Jeudi<\/td>\n<td width=\"132\">31 mars<\/td>\n<td width=\"420\">Pas de r\u00e9p\u00e9tition (Vacances scolaires)<\/td>\n<\/tr>\n<tr>\n<td width=\"103\">Jeudi<\/td>\n<td width=\"132\">7 avril<\/td>\n<td width=\"420\">Pas de r\u00e9p\u00e9tition (Vacances scolaires)<\/td>\n<\/tr>\n<tr>\n<td width=\"103\">Jeudi<\/td>\n<td width=\"132\">14 avril<\/td>\n<td width=\"420\">G\u00e9n\u00e9rale<\/td>\n<\/tr>\n<tr>\n<td width=\"103\"><strong><u>Samedi<\/u><\/strong><\/td>\n<td width=\"132\"><strong><u>16 avril<\/u><\/strong><\/td>\n<td width=\"420\"><strong><u>S\u00e9minaire de 8h30 \u00e0 11h30<\/u><\/strong><\/td>\n<\/tr>\n<tr>\n<td width=\"103\"><strong><u>Mercredi<\/u><\/strong><\/td>\n<td width=\"132\"><strong><u>20 avril<\/u><\/strong><\/td>\n<td width=\"420\"><strong><u>R\u00e9p\u00e9tition g\u00e9n\u00e9rale<\/u><\/strong><\/td>\n<\/tr>\n<tr>\n<td width=\"103\">Jeudi<\/td>\n<td width=\"132\">21 avril<\/td>\n<td width=\"420\">Pas de r\u00e9p\u00e9tition<\/td>\n<\/tr>\n<tr>\n<td width=\"103\"><strong><u>Vendredi<\/u><\/strong><\/td>\n<td width=\"132\"><strong><u>22 avril<\/u><\/strong><\/td>\n<td width=\"420\"><strong><u>Concert annuel<\/u><\/strong><\/td>\n<\/tr>\n<tr>\n<td width=\"103\"><strong><u>Samedi<\/u><\/strong><\/td>\n<td width=\"132\"><strong><u>23 avril<\/u><\/strong><\/td>\n<td width=\"420\"><strong><u>Concert annuel<\/u><\/strong><\/td>\n<\/tr>\n<tr>\n<td width=\"103\">Jeudi<\/td>\n<td width=\"132\">28 avril<\/td>\n<td width=\"420\">G\u00e9n\u00e9rale<\/td>\n<\/tr>\n<tr>\n<td width=\"103\">Jeudi<\/td>\n<td width=\"132\">5 mai<\/td>\n<td width=\"420\">Pas de r\u00e9p\u00e9tition (Concours des solistes du giron \u00e0 L\u00e9chelles pour info)<\/td>\n<\/tr>\n<tr>\n<td width=\"103\">Samedi<\/td>\n<td width=\"132\">7 mai<\/td>\n<td width=\"420\">Giron \u00e0 L\u00e9chelles (pour info)<\/td>\n<\/tr>\n<tr>\n<td width=\"103\">Dimanche<\/td>\n<td width=\"132\">8 mai<\/td>\n<td width=\"420\">Giron \u00e0 L\u00e9chelles (pour info)<\/td>\n<\/tr>\n<tr>\n<td width=\"103\">Jeudi<\/td>\n<td width=\"132\">12 mai<\/td>\n<td width=\"420\">G\u00e9n\u00e9rale<\/td>\n<\/tr>\n<tr>\n<td width=\"103\">Jeudi<\/td>\n<td width=\"132\">19 mai<\/td>\n<td width=\"420\">G\u00e9n\u00e9rale<\/td>\n<\/tr>\n<tr>\n<td width=\"103\"><strong><u>Lundi<\/u><\/strong><\/td>\n<td width=\"132\"><strong><u>23 mai<\/u><\/strong><\/td>\n<td width=\"420\"><strong><u>R\u00e9p\u00e9tition marchante \u00e0 19h00<\/u><\/strong><\/td>\n<\/tr>\n<tr>\n<td width=\"103\"><strong><u>Jeudi <\/u><\/strong><\/td>\n<td width=\"132\"><strong><u>26 mai<\/u><\/strong><\/td>\n<td width=\"420\"><strong><u>F\u00eate-Dieu rdv \u00e0 9h00 \u00e0 l\u2019\u00e9cole<\/u><\/strong><\/td>\n<\/tr>\n<tr>\n<td width=\"103\">Jeudi<\/td>\n<td width=\"132\">2 juin<\/td>\n<td width=\"420\">G\u00e9n\u00e9rale<\/td>\n<\/tr>\n<tr>\n<td width=\"103\"><strong><u>Samedi<\/u><\/strong><\/td>\n<td width=\"132\"><strong><u>4 juin<\/u><\/strong><\/td>\n<td width=\"420\"><strong><u>Cantonale des jeunes musiciens \u00e0 Broc PRESENCE INDISPENSABLE\u00a0!!!<\/u><\/strong><\/td>\n<\/tr>\n<tr>\n<td width=\"103\"><strong><u>Dimanche <\/u><\/strong><\/td>\n<td width=\"132\"><strong><u>5 juin<\/u><\/strong><\/td>\n<td width=\"420\"><strong><u>Cantonale des jeunes musiciens \u00e0 Broc PRESENCE INDISPENDABLE\u00a0!!!<\/u><\/strong><\/td>\n<\/tr>\n<tr>\n<td width=\"103\">Jeudi<\/td>\n<td width=\"132\">9 juin<\/td>\n<td width=\"420\">G\u00e9n\u00e9rale<\/td>\n<\/tr>\n<tr>\n<td width=\"103\">Samedi<\/td>\n<td width=\"132\">11 juin<\/td>\n<td width=\"420\">Loto \u00e0 20h00<\/td>\n<\/tr>\n<tr>\n<td width=\"103\">Jeudi<\/td>\n<td width=\"132\">16 juin<\/td>\n<td width=\"420\">G\u00e9n\u00e9rale<\/td>\n<\/tr>\n<tr>\n<td width=\"103\"><strong><u>Vendredi<\/u><\/strong><\/td>\n<td width=\"132\"><strong><u>17 juin<\/u><\/strong><\/td>\n<td width=\"420\"><strong><u>Cl\u00f4ture de l\u2019\u00e9cole de musique \u00e0 18h30<\/u><\/strong><\/td>\n<\/tr>\n<tr>\n<td width=\"103\">Samedi<\/td>\n<td width=\"132\">1<sup>er<\/sup> ao\u00fbt<\/td>\n<td width=\"420\">Prestation lors de la f\u00eate nationale<\/td>\n<\/tr>\n<\/tbody>\n<\/table>\n<p><strong><em>\u00a0<\/em><\/strong><\/p>\n<p style=\"text-align: center;\"><strong><em>\u00a0Les r\u00e9p\u00e9titions d\u00e9butent \u00e0 18h40 pr\u00e9cises, et se terminent \u00e0 19h50.<\/em><\/strong><\/p>\n<p style=\"text-align: center;\"><strong><em>La pr\u00e9sence de <u>chacun<\/u> aux r\u00e9p\u00e9titions est indispensable pour le bon d\u00e9roulement de la saison.<\/em><\/strong><\/p>\n<p style=\"text-align: center;\"><strong><em>Je te rappelle que ton professeur est \u00e0 ta disposition pour t\u2019aider \u00e0 travailler tes partitions des Jeunes Cuivres. <\/em><\/strong><\/p>\n<p style=\"text-align: center;\"><strong><em>PRENDS S\u2019IL TE PLAIT A TOUTES LES REPETITIONS TOUTES TES PARTITIONS DES JEUNES-CUIVRES\u00a0!!!<\/em><\/strong><\/p>\n<p style=\"text-align: center;\"><strong><em>\u00a0<\/em><\/strong><\/p>\n<p style=\"text-align: center;\"><strong><em>En cas d\u2019emp\u00eachement, merci d\u2019avertir Thierry au 079\/380.62.89<\/em><\/strong><\/p>\n<p style=\"text-align: center;\"><strong><em>Je te souhaite une bonne saison musicale.<\/em><\/strong><\/p>\n","protected":false},"excerpt":{"rendered":"<p>Plan des r\u00e9p\u00e9titions des Jeunes Cuivres saison 2015 &#8211; 2016 &nbsp; Jeudi 3 septembre G\u00e9n\u00e9rale Jeudi 10 septembre Pas de r\u00e9p\u00e9tition Jeudi 17 septembre G\u00e9n\u00e9rale Jeudi 24 septembre Partielle petits+percu Jeudi 1 octobre Partielle gros+alto+percu Jeudi 8 octobre G\u00e9n\u00e9rale Samedi 10 octobre G\u00e9n\u00e9rale 10h-11h45 Jeudi 15 octobre G\u00e9n\u00e9rale Jeudi 22 octobre Pas de r\u00e9p\u00e9tition (Vacances&hellip; <a class=\"more-link\" href=\"https:\/\/www.musique-cugy-vesin.ch\/?page_id=2063\">Poursuivre la lecture <span class=\"screen-reader-text\">R\u00e9p\u00e9titions 2015 &#8211; 2016<\/span><\/a><\/p>\n","protected":false},"author":3,"featured_media":0,"parent":149,"menu_order":0,"comment_status":"closed","ping_status":"open","template":"","meta":{"_crdt_document":"","ngg_post_thumbnail":0,"footnotes":""},"class_list":["post-2063","page","type-page","status-publish","hentry","entry"],"_links":{"self":[{"href":"https:\/\/www.musique-cugy-vesin.ch\/index.php?rest_route=\/wp\/v2\/pages\/2063","targetHints":{"allow":["GET"]}}],"collection":[{"href":"https:\/\/www.musique-cugy-vesin.ch\/index.php?rest_route=\/wp\/v2\/pages"}],"about":[{"href":"https:\/\/www.musique-cugy-vesin.ch\/index.php?rest_route=\/wp\/v2\/types\/page"}],"author":[{"embeddable":true,"href":"https:\/\/www.musique-cugy-vesin.ch\/index.php?rest_route=\/wp\/v2\/users\/3"}],"replies":[{"embeddable":true,"href":"https:\/\/www.musique-cugy-vesin.ch\/index.php?rest_route=%2Fwp%2Fv2%2Fcomments&post=2063"}],"version-history":[{"count":2,"href":"https:\/\/www.musique-cugy-vesin.ch\/index.php?rest_route=\/wp\/v2\/pages\/2063\/revisions"}],"predecessor-version":[{"id":2079,"href":"https:\/\/www.musique-cugy-vesin.ch\/index.php?rest_route=\/wp\/v2\/pages\/2063\/revisions\/2079"}],"up":[{"embeddable":true,"href":"https:\/\/www.musique-cugy-vesin.ch\/index.php?rest_route=\/wp\/v2\/pages\/149"}],"wp:attachment":[{"href":"https:\/\/www.musique-cugy-vesin.ch\/index.php?rest_route=%2Fwp%2Fv2%2Fmedia&parent=2063"}],"curies":[{"name":"wp","href":"https:\/\/api.w.org\/{rel}","templated":true}]}}